{"id":3643,"date":"2022-02-24T13:36:23","date_gmt":"2022-02-24T13:36:23","guid":{"rendered":"https:\/\/exchange.galata.edu.tr\/erasmus-learning-mobility-incoming-student\/"},"modified":"2022-08-23T17:00:57","modified_gmt":"2022-08-23T17:00:57","slug":"erasmus-learning-mobility-incoming-student","status":"publish","type":"page","link":"https:\/\/exchange.galata.edu.tr\/tr\/erasmus-learning-mobility-incoming-student\/","title":{"rendered":"Erasmus+ O\u0308g\u0306renim Hareketlilig\u0306i (gelen O\u0308g\u0306renci)"},"content":{"rendered":"\t\t<div data-elementor-type=\"wp-page\" data-elementor-id=\"3643\" class=\"elementor elementor-3643\">\n\t\t\t\t\t\t\t\t\t<section class=\"elementor-section elementor-top-section elementor-element elementor-element-72f5d1d elementor-section-boxed elementor-section-height-default elementor-section-height-default\" data-id=\"72f5d1d\" data-element_type=\"section\">\n\t\t\t\t\t\t<div class=\"elementor-container elementor-column-gap-default\">\n\t\t\t\t\t<div class=\"elementor-column elementor-col-66 elementor-top-column elementor-element elementor-element-209e517\" data-id=\"209e517\" data-element_type=\"column\">\n\t\t\t<div class=\"elementor-widget-wrap elementor-element-populated\">\n\t\t\t\t\t\t\t\t<div class=\"elementor-element elementor-element-be67afd elementor-widget elementor-widget-text-editor\" data-id=\"be67afd\" data-element_type=\"widget\" data-widget_type=\"text-editor.default\">\n\t\t\t\t<div class=\"elementor-widget-container\">\n\t\t\t\t\t\t\t<h4><span style=\"color: #ff6600;\"><strong>Gelen \u00d6\u011frenci<\/strong><\/span><\/h4><p>Erasmus+ \u00d6\u011frenci De\u011fi\u015fimi program\u0131 kapsam\u0131nda yurtd\u0131\u015f\u0131 e\u011fitim d\u00f6neminizi \u0130stanbul Galata \u00dcniversitesinde ge\u00e7irmek istiyorsan\u0131z, \u00fcniversiteniz Erasmus+ Ofisi ile irtibata ge\u00e7ip kurumlar\u0131m\u0131z aras\u0131nda Erasmus anla\u015fmas\u0131 olup olmad\u0131\u011f\u0131n\u0131 var ise sizi \u00fcniversitemizde de\u011fi\u015fim \u00f6\u011frencisi aday\u0131 olarak taraf\u0131m\u0131za bildirmesini istemelisiniz.<\/p><p><span style=\"color: #ff6600;\"><strong>Ba\u015fvuru Tarihleri:<\/strong><\/span><\/p><p><strong>G\u00fcz D\u00f6nemi: 1 Temmuz\u00a0<\/strong><\/p><p><strong>Bahar D\u00f6nemi: 1 Kas\u0131m<\/strong><\/p><p>\u00dcniversitemize Erasmus+ program\u0131 kapsam\u0131nda gelecek olan \u00f6\u011frencilerin a\u015fa\u011f\u0131daki evraklar\u0131 son ba\u015fvuru tarihlerinden \u00f6nce eksiksiz olarak tamamlamal\u0131 ve Erasmus Ofisine iletmelidir. Evraklar\u0131n\u0131 eksiksiz olarak teslim eden \u00f6\u011frencilere Erasmus+ Ofis Koordinat\u00f6rl\u00fc\u011f\u00fc taraf\u0131ndan kabul belgesi haz\u0131rlanmaktad\u0131r.<\/p><p><span style=\"color: #808080;\"><strong>\u25cf Ba\u015fvuru Formu<\/strong><\/span><\/p><p>Erasmus+ Ofis Koordinat\u00f6rl\u00fc\u011f\u00fc taraf\u0131ndan e-posta yoluyla g\u00f6nderilecektir.<\/p><p><span style=\"color: #808080;\"><strong>\u25cf Transkript<\/strong><\/span><\/p><p><span style=\"color: #808080;\"><strong>\u25cf Online \u00d6\u011frenim anla\u015fmas\u0131 (Online Learning Agreement\/OLA)<\/strong><\/span><\/p><p><span style=\"color: #808080;\"><strong>\u25cf Pasaport Fotokopisi <\/strong>( Pasaport fotokopilerinin yan\u0131 s\u0131ra; T\u00fcrk Vatanda\u015fl\u0131\u011f\u0131 olan \u00f6\u011frencilerin kimlik kart\u0131, Mavi kart\u0131 olan \u00f6\u011frencilerin de Mavi Kartlar\u0131n\u0131 yollamalar\u0131 gerekmektedir).<\/span><\/p><p><span style=\"color: #808080;\"><strong>\u25cf 2 Adet resim<\/strong><\/span><\/p><p><span style=\"color: #808080;\"><strong>\u25cf Sa\u011fl\u0131k Sigortas\u0131 Fotokopisi<\/strong><\/span><\/p><p>Gelen \u00f6\u011frenciler T\u00fcrkiye\u2019de kalacaklar\u0131 s\u00fcre zarf\u0131nda ge\u00e7erli olacak bir sa\u011fl\u0131k sigortas\u0131 yapt\u0131rmak zorundalar. Yurt d\u0131\u015f\u0131nda uluslararas\u0131 ge\u00e7erlili\u011fi olan bir kurumdan yapt\u0131rd\u0131\u011f\u0131 sigortan\u0131n T\u00fcrkiye\u2019de ge\u00e7erli olabilmesi i\u00e7in &#8221;\u00f6zel sa\u011fl\u0131k sigortalar\u0131na ili\u015fkin genelge&#8221; kapsam\u0131nda T\u00fcrkiye i\u00e7erisinde bulunan yetkili bir sigorta acentesinden onaylatmalar\u0131 gerekmektedir. E\u011fer bu \u015firketin T\u00fcrkiye\u2019de acentesi yoksa ya da var olan acente sigortay\u0131 onaylamazsa, \u00f6\u011frencinin ilk kay\u0131t tarihinden itibaren \u00fc\u00e7 ay i\u00e7erisinde Genel Sa\u011fl\u0131k Sigortas\u0131 (GSS) i\u00e7in SGK sistemine dahil olmas\u0131 ya da yeni bir \u00f6zel sa\u011fl\u0131k sigortas\u0131 yapt\u0131rmas\u0131 gerekmektedir.<\/p><p><span style=\"color: #ff6600;\">Gelen Erasmus+ \u00f6\u011frencilerimize, herhangi bir d\u00fczenleme zorlu\u011funu \u00f6nlemek i\u00e7in T\u00fcrkiye&#8217;de \u00d6zel Sa\u011fl\u0131k Sigortas\u0131 yapt\u0131rman\u0131n daha sa\u011fl\u0131kl\u0131 olaca\u011f\u0131n\u0131n y\u00f6n\u00fcndeyiz.<\/span><\/p>\t\t\t\t\t\t<\/div>\n\t\t\t\t<\/div>\n\t\t\t\t\t<\/div>\n\t\t<\/div>\n\t\t\t\t<div class=\"elementor-column elementor-col-33 elementor-top-column elementor-element elementor-element-de947c8\" data-id=\"de947c8\" data-element_type=\"column\">\n\t\t\t<div class=\"elementor-widget-wrap elementor-element-populated\">\n\t\t\t\t\t\t\t\t<div class=\"elementor-element elementor-element-9c16cfd elementor-widget elementor-widget-image\" data-id=\"9c16cfd\" data-element_type=\"widget\" data-widget_type=\"image.default\">\n\t\t\t\t<div class=\"elementor-widget-container\">\n\t\t\t\t\t\t\t\t\t\t\t\t\t\t\t<img width=\"682\" height=\"1023\" src=\"https:\/\/exchange.galata.edu.tr\/wp-content\/uploads\/2022\/05\/galta.jpg\" class=\"attachment-large size-large\" alt=\"\" loading=\"lazy\" srcset=\"https:\/\/exchange.galata.edu.tr\/wp-content\/uploads\/2022\/05\/galta.jpg 682w, https:\/\/exchange.galata.edu.tr\/wp-content\/uploads\/2022\/05\/galta-200x300.jpg 200w\" sizes=\"(max-width: 682px) 100vw, 682px\" \/>\t\t\t\t\t\t\t\t\t\t\t\t\t\t\t<\/div>\n\t\t\t\t<\/div>\n\t\t\t\t\t<\/div>\n\t\t<\/div>\n\t\t\t\t\t\t\t<\/div>\n\t\t<\/section>\n\t\t\t\t<section class=\"elementor-section elementor-top-section elementor-element elementor-element-a048b30 elementor-section-boxed elementor-section-height-default elementor-section-height-default\" data-id=\"a048b30\" data-element_type=\"section\">\n\t\t\t\t\t\t<div class=\"elementor-container elementor-column-gap-default\">\n\t\t\t\t\t<div class=\"elementor-column elementor-col-100 elementor-top-column elementor-element elementor-element-d3ae9c7\" data-id=\"d3ae9c7\" data-element_type=\"column\">\n\t\t\t<div class=\"elementor-widget-wrap elementor-element-populated\">\n\t\t\t\t\t\t\t\t<div class=\"elementor-element elementor-element-c07ef36 elementor-widget-divider--separator-type-pattern elementor-widget-divider--view-line elementor-widget elementor-widget-divider\" data-id=\"c07ef36\" data-element_type=\"widget\" data-widget_type=\"divider.default\">\n\t\t\t\t<div class=\"elementor-widget-container\">\n\t\t\t\t\t<div class=\"elementor-divider\" style=\"--divider-pattern-url: url(&quot;data:image\/svg+xml,%3Csvg xmlns=&#039;http:\/\/www.w3.org\/2000\/svg&#039; preserveAspectRatio=&#039;none&#039; overflow=&#039;visible&#039; height=&#039;100%&#039; viewBox=&#039;0 0 24 24&#039; fill=&#039;none&#039; stroke=&#039;black&#039; stroke-width=&#039;1&#039; stroke-linecap=&#039;square&#039; stroke-miterlimit=&#039;10&#039;%3E%3Cpolyline points=&#039;0,18 12,6 24,18 &#039;\/%3E%3C\/svg%3E&quot;);\">\n\t\t\t<span class=\"elementor-divider-separator\">\n\t\t\t\t\t\t<\/span>\n\t\t<\/div>\n\t\t\t\t<\/div>\n\t\t\t\t<\/div>\n\t\t\t\t\t<\/div>\n\t\t<\/div>\n\t\t\t\t\t\t\t<\/div>\n\t\t<\/section>\n\t\t\t\t<section class=\"elementor-section elementor-top-section elementor-element elementor-element-8f14bd7 elementor-section-boxed elementor-section-height-default elementor-section-height-default elementor-invisible\" data-id=\"8f14bd7\" data-element_type=\"section\" data-settings=\"{&quot;animation&quot;:&quot;bounceInUp&quot;}\">\n\t\t\t\t\t\t<div class=\"elementor-container elementor-column-gap-default\">\n\t\t\t\t\t<div class=\"elementor-column elementor-col-33 elementor-top-column elementor-element elementor-element-fec3a70\" data-id=\"fec3a70\" data-element_type=\"column\">\n\t\t\t<div class=\"elementor-widget-wrap elementor-element-populated\">\n\t\t\t\t\t\t\t\t<div class=\"elementor-element elementor-element-8c2d0d3 elementor-widget elementor-widget-image\" data-id=\"8c2d0d3\" data-element_type=\"widget\" data-widget_type=\"image.default\">\n\t\t\t\t<div class=\"elementor-widget-container\">\n\t\t\t\t\t\t\t\t\t\t\t\t\t\t\t<img width=\"749\" height=\"999\" src=\"https:\/\/exchange.galata.edu.tr\/wp-content\/uploads\/2022\/05\/citycenter.jpg\" class=\"attachment-large size-large\" alt=\"\" loading=\"lazy\" srcset=\"https:\/\/exchange.galata.edu.tr\/wp-content\/uploads\/2022\/05\/citycenter.jpg 749w, https:\/\/exchange.galata.edu.tr\/wp-content\/uploads\/2022\/05\/citycenter-225x300.jpg 225w\" sizes=\"(max-width: 749px) 100vw, 749px\" \/>\t\t\t\t\t\t\t\t\t\t\t\t\t\t\t<\/div>\n\t\t\t\t<\/div>\n\t\t\t\t\t<\/div>\n\t\t<\/div>\n\t\t\t\t<div class=\"elementor-column elementor-col-66 elementor-top-column elementor-element elementor-element-55f1ca6\" data-id=\"55f1ca6\" data-element_type=\"column\">\n\t\t\t<div class=\"elementor-widget-wrap elementor-element-populated\">\n\t\t\t\t\t\t\t\t<div class=\"elementor-element elementor-element-e7c4725 elementor-widget elementor-widget-text-editor\" data-id=\"e7c4725\" data-element_type=\"widget\" data-widget_type=\"text-editor.default\">\n\t\t\t\t<div class=\"elementor-widget-container\">\n\t\t\t\t\t\t\t<h4><span style=\"color: #ff6600;\">Ders Kay\u0131tlar\u0131<\/span><\/h4><p>Online \u00d6\u011frenim anla\u015fman\u0131zda (Online Learning Agreement\/OLA) yer alan dersler kay\u0131d\u0131 akademik d\u00f6nemin ba\u015f\u0131nda ger\u00e7ekle\u015ftirilir ve ders ekleme \u2013 b\u0131rakma\/ ekle-sil i\u015flemleri belirlenen tarih aral\u0131\u011f\u0131nda yap\u0131l\u0131r. Daha \u00f6nce yapm\u0131\u015f oldu\u011funuz ders program\u0131n\u0131zda herhangi bir de\u011fi\u015fiklik yapmak isterseniz, kurumunuzun onay\u0131 al\u0131nd\u0131ktan sonra OLA sistemi \u00fczerinden Online olarak ilgili de\u011fi\u015fiklikler yap\u0131lmal\u0131d\u0131r.<\/p><ul><li><strong><span style=\"color: #ff6600;\">Hareketlilik Sonras\u0131 D\u00f6nem<\/span><\/strong><\/li><\/ul><p>Hareketlili\u011fin tamamlanmas\u0131 i\u00e7in Erasmus+ gelen \u00f6\u011frenci \u0130li\u015fik Kesme Formu\u2019nun Erasmus+ Ofis Koordinat\u00f6rl\u00fc\u011f\u00fc\u2019ne teslim edilmesi gereklidir.<\/p><p>A\u015fa\u011f\u0131da belirtilmi\u015f olan evraklar ofisimiz taraf\u0131ndan \u00fcniversitenize iletilecektir.<\/p><p><strong>Transkript<\/strong>: Transkript Erasmus+ Ofis Koordinat\u00f6rl\u00fc\u011f\u00fc taraf\u0131ndan, \u00fcniversitenizin Uluslararas\u0131 \u0130li\u015fkiler\/Erasmus+ Ofisine e-posta yoluyla g\u00f6nderilecektir.<\/p><p><strong>Kat\u0131l\u0131m Sertifikas\u0131<\/strong>: Hareketlilik ba\u015flang\u0131\u00e7 ve biti\u015f tarihlerini kapsayan Kat\u0131l\u0131m Sertifikas\u0131 Erasmus+ Ofis Koordinat\u00f6rl\u00fc\u011f\u00fc\u2019nden \u00f6\u011frenci taraf\u0131ndan talep edilmesi halinde haz\u0131rlan\u0131p \u00f6\u011frenciye teslim edilecektir.<\/p>\t\t\t\t\t\t<\/div>\n\t\t\t\t<\/div>\n\t\t\t\t\t<\/div>\n\t\t<\/div>\n\t\t\t\t\t\t\t<\/div>\n\t\t<\/section>\n\t\t\t\t<section class=\"elementor-section elementor-top-section elementor-element elementor-element-3e45545 elementor-section-boxed elementor-section-height-default elementor-section-height-default\" data-id=\"3e45545\" data-element_type=\"section\">\n\t\t\t\t\t\t<div class=\"elementor-container elementor-column-gap-default\">\n\t\t\t\t\t<div class=\"elementor-column elementor-col-100 elementor-top-column elementor-element elementor-element-bb37e43\" data-id=\"bb37e43\" data-element_type=\"column\">\n\t\t\t<div class=\"elementor-widget-wrap elementor-element-populated\">\n\t\t\t\t\t\t\t\t<div class=\"elementor-element elementor-element-8acfb81 elementor-widget-divider--separator-type-pattern elementor-widget-divider--view-line elementor-widget elementor-widget-divider\" data-id=\"8acfb81\" data-element_type=\"widget\" data-widget_type=\"divider.default\">\n\t\t\t\t<div class=\"elementor-widget-container\">\n\t\t\t\t\t<div class=\"elementor-divider\" style=\"--divider-pattern-url: url(&quot;data:image\/svg+xml,%3Csvg xmlns=&#039;http:\/\/www.w3.org\/2000\/svg&#039; preserveAspectRatio=&#039;none&#039; overflow=&#039;visible&#039; height=&#039;100%&#039; viewBox=&#039;0 0 24 24&#039; fill=&#039;none&#039; stroke=&#039;black&#039; stroke-width=&#039;1&#039; stroke-linecap=&#039;square&#039; stroke-miterlimit=&#039;10&#039;%3E%3Cpolyline points=&#039;0,18 12,6 24,18 &#039;\/%3E%3C\/svg%3E&quot;);\">\n\t\t\t<span class=\"elementor-divider-separator\">\n\t\t\t\t\t\t<\/span>\n\t\t<\/div>\n\t\t\t\t<\/div>\n\t\t\t\t<\/div>\n\t\t\t\t\t<\/div>\n\t\t<\/div>\n\t\t\t\t\t\t\t<\/div>\n\t\t<\/section>\n\t\t\t\t<section class=\"elementor-section elementor-top-section elementor-element elementor-element-1ca52c8 elementor-section-boxed elementor-section-height-default elementor-section-height-default elementor-invisible\" data-id=\"1ca52c8\" data-element_type=\"section\" data-settings=\"{&quot;animation&quot;:&quot;bounceInUp&quot;}\">\n\t\t\t\t\t\t<div class=\"elementor-container elementor-column-gap-default\">\n\t\t\t\t\t<div class=\"elementor-column elementor-col-66 elementor-top-column elementor-element elementor-element-825aff6\" data-id=\"825aff6\" data-element_type=\"column\">\n\t\t\t<div class=\"elementor-widget-wrap elementor-element-populated\">\n\t\t\t\t\t\t\t\t<div class=\"elementor-element elementor-element-36cbb35 elementor-widget elementor-widget-text-editor\" data-id=\"36cbb35\" data-element_type=\"widget\" data-widget_type=\"text-editor.default\">\n\t\t\t\t<div class=\"elementor-widget-container\">\n\t\t\t\t\t\t\t<h4><span style=\"color: #ff6600;\">Yabanc\u0131 Uyruklu \u00d6\u011frenciler i\u00e7in \u0130kamet Tezkeresi<\/span><\/h4><p><span style=\"color: #ff6600;\">T\u00fcrkiye\u2019ye giri\u015fte vizeden muaf olan \u00fclkelerden gelen \u00f6\u011frencilerin \u00fcniversiteye kay\u0131t i\u00e7in \u00f6\u011frenci vizesi alma zorunlulu\u011fu yoktur.<\/span><\/p><p><span style=\"color: #ff6600;\"><strong>Ba\u015fvuru:<\/strong><\/span><\/p><p>\u00dcniversiteye yeni kay\u0131t yapt\u0131ran yabanc\u0131 \u00f6\u011frencilerin, kay\u0131ttan sonra, vize veya vize muafiyeti s\u00fcresi i\u00e7inde (ikamet izni \u015fartl\u0131 giri\u015f formuyla \u00fclkeye giri\u015f yapan \u00f6\u011frenciler i\u00e7in bu s\u00fcre 30 g\u00fcnd\u00fcr) online olarak <a href=\"https:\/\/e-ikamet.goc.gov.tr\/\">https:\/\/e-ikamet.goc.gov.tr\/<\/a> adresinden ba\u015fvuru yapmas\u0131 gerekmektedir. <strong>Ba\u015fvuru tarihinden itibaren 15 (on be\u015f) g\u00fcn i\u00e7inde<\/strong> a\u015fa\u011f\u0131da belirtilen belgeleri eksiksiz haz\u0131rlamas\u0131 ve Erasmus+ Ofis Koordinat\u00f6rl\u00fc\u011f\u00fc\u2019ne teslim etmeniz gerekmektedir.<\/p><p>\u00d6nemli Not: \u0130kamet izni ba\u015fvurular\u0131 <strong>vize s\u00fcresi<\/strong> i\u00e7inde, \u015fartl\u0131 giri\u015f yapanlar\u0131n ise ba\u015fvurular\u0131n\u0131 <strong>mutlaka 10 g\u00fcn<\/strong> i\u00e7inde yapmalar\u0131 gerekmektedir.<\/p><p><span style=\"color: #ff6600;\"><strong>Gerekli belgeler:<\/strong><\/span><\/p><p>1. Online ba\u015fvurunuzun \u00e7\u0131kt\u0131s\u0131. Online ba\u015fvurunuzu a\u015fa\u011f\u0131da yer alan linkten tamamlayabilirsiniz:<br \/><a href=\"https:\/\/e-ikamet.goc.gov.tr\/\">https:\/\/e-ikamet.goc.gov.tr\/<\/a><\/p><p>2. Pasaport fotokopisi (resminizin bulundu\u011fu sayfa, ge\u00e7erlilik ve ge\u00e7erlili\u011fin bitti\u011fi tarihlerinin yazd\u0131\u011f\u0131 ve son giri\u015fin bulundu\u011fu sayfalar)<\/p><p>3. E-vizesi olan \u00f6\u011frenciler vize \u00e7\u0131kt\u0131lar\u0131n\u0131 yan\u0131nda getirmelidir.<\/p><p>4. \u0130kamet tezkerenin fotokopisi (var ise)<\/p><p>5. 4 adet biyometrik foto\u011fraf<\/p><p>6. \u00d6\u011frenci belgesi (Istanbul Galata \u00dcniversitesi \u00d6\u011frenci \u0130\u015flerinden alabilirsiniz)<\/p><p>7. Adres beyan tebli\u011f<\/p><p>8. Kart bedelini \u00f6dedi\u011finize dair dekontun asl\u0131 (\u00d6demeyi size en yak\u0131n vergi dairesinde yapabilirsiniz)<\/p><p>9. Sa\u011fl\u0131k Sigortas\u0131 Poli\u00e7esi (T\u00fcrk\u00e7e versiyonu) \u0130kamet ba\u015fvurusu i\u00e7in t\u00fcm uluslararas\u0131 \u00f6\u011frencilerin T\u00fcrkiye\u2019de e\u011fitim g\u00f6rd\u00fckleri s\u00fcre zarf\u0131nda sa\u011fl\u0131k sigortalar\u0131 olmalar\u0131 gerekir.<\/p><p><strong><span style=\"color: #ff6600;\">\u015eahs\u0131n on sekiz ya\u015f\u0131ndan k\u00fc\u00e7\u00fck olmas\u0131 ve vizesiz gelmesi durumunda;\u00a0<\/span><\/strong><\/p><p>\u00a0<\/p><p>1. <strong>Muvafakatname<\/strong><\/p><p>Yabanc\u0131 \u00f6\u011frencinin anne ve babas\u0131n\u0131n T\u00fcrkiye\u2019de \u00f6\u011frenim g\u00f6rmesine ve ya\u015famas\u0131na izin vermesi ve bunun i\u00e7in de \u00fclkesindeki yetkili merciler taraf\u0131ndan d\u00fczenlenmi\u015f Muvafakatname Belgesi bulunmas\u0131 gerekmektedir.<\/p><p><strong>2. Do\u011fum Belgesi<\/strong><\/p><p>Bu iki belge i\u00e7in (Muvafakatname ve Do\u011fum Belgesi) i\u00e7in baz\u0131 \u00f6nemli hususlar belirlenmi\u015ftir. Onaya tabi olan belgelere ili\u015fkin olarak; ilgili \u00fclke Apostil Anla\u015fmas\u0131na taraf ise \u00fclke makamlar\u0131n\u0131n d\u00fczenlenmi\u015f oldu\u011fu belgenin \u201capostil \u015ferhli\u201d olmas\u0131 gerekmektedir. Apostil \u015ferhi bulunan belgenin terc\u00fcme edilmi\u015f halinin noterce onaylanarak ibraz edilmesi gerekmektedir. Ancak; yabanc\u0131 \u00f6\u011frencinin kendi \u00fclkesinde d\u00fczenlettirdi\u011fi ve apostil \u015ferhi yapt\u0131rmadan \u00fclkemize getirdi\u011fi belgenin \u00fclkemizde bulunan kendi B\u00fcy\u00fckel\u00e7ilik veya Konsolosluklar\u0131nda makamlar\u0131 taraf\u0131ndan onaylatt\u0131r\u0131lmas\u0131 gerekmektedir.<\/p>\t\t\t\t\t\t<\/div>\n\t\t\t\t<\/div>\n\t\t\t\t\t<\/div>\n\t\t<\/div>\n\t\t\t\t<div class=\"elementor-column elementor-col-33 elementor-top-column elementor-element elementor-element-110ed94\" data-id=\"110ed94\" data-element_type=\"column\">\n\t\t\t<div class=\"elementor-widget-wrap elementor-element-populated\">\n\t\t\t\t\t\t\t\t<div class=\"elementor-element elementor-element-de0ce92 elementor-widget elementor-widget-image\" data-id=\"de0ce92\" data-element_type=\"widget\" data-widget_type=\"image.default\">\n\t\t\t\t<div class=\"elementor-widget-container\">\n\t\t\t\t\t\t\t\t\t\t\t\t\t\t\t<img width=\"440\" height=\"512\" src=\"https:\/\/exchange.galata.edu.tr\/wp-content\/uploads\/2022\/05\/books.jpg\" class=\"attachment-large size-large\" alt=\"\" loading=\"lazy\" srcset=\"https:\/\/exchange.galata.edu.tr\/wp-content\/uploads\/2022\/05\/books.jpg 440w, https:\/\/exchange.galata.edu.tr\/wp-content\/uploads\/2022\/05\/books-258x300.jpg 258w\" sizes=\"(max-width: 440px) 100vw, 440px\" \/>\t\t\t\t\t\t\t\t\t\t\t\t\t\t\t<\/div>\n\t\t\t\t<\/div>\n\t\t\t\t\t<\/div>\n\t\t<\/div>\n\t\t\t\t\t\t\t<\/div>\n\t\t<\/section>\n\t\t\t\t<section class=\"elementor-section elementor-top-section elementor-element elementor-element-8b429b8 elementor-section-boxed elementor-section-height-default elementor-section-height-default\" data-id=\"8b429b8\" data-element_type=\"section\">\n\t\t\t\t\t\t<div class=\"elementor-container elementor-column-gap-default\">\n\t\t\t\t\t<div class=\"elementor-column elementor-col-100 elementor-top-column elementor-element elementor-element-566f0a3\" data-id=\"566f0a3\" data-element_type=\"column\">\n\t\t\t<div class=\"elementor-widget-wrap elementor-element-populated\">\n\t\t\t\t\t\t\t\t<div class=\"elementor-element elementor-element-d8efa20 elementor-widget-divider--separator-type-pattern elementor-widget-divider--view-line elementor-widget elementor-widget-divider\" data-id=\"d8efa20\" data-element_type=\"widget\" data-widget_type=\"divider.default\">\n\t\t\t\t<div class=\"elementor-widget-container\">\n\t\t\t\t\t<div class=\"elementor-divider\" style=\"--divider-pattern-url: url(&quot;data:image\/svg+xml,%3Csvg xmlns=&#039;http:\/\/www.w3.org\/2000\/svg&#039; preserveAspectRatio=&#039;none&#039; overflow=&#039;visible&#039; height=&#039;100%&#039; viewBox=&#039;0 0 24 24&#039; fill=&#039;none&#039; stroke=&#039;black&#039; stroke-width=&#039;1&#039; stroke-linecap=&#039;square&#039; stroke-miterlimit=&#039;10&#039;%3E%3Cpolyline points=&#039;0,18 12,6 24,18 &#039;\/%3E%3C\/svg%3E&quot;);\">\n\t\t\t<span class=\"elementor-divider-separator\">\n\t\t\t\t\t\t<\/span>\n\t\t<\/div>\n\t\t\t\t<\/div>\n\t\t\t\t<\/div>\n\t\t\t\t\t<\/div>\n\t\t<\/div>\n\t\t\t\t\t\t\t<\/div>\n\t\t<\/section>\n\t\t\t\t<section class=\"elementor-section elementor-top-section elementor-element elementor-element-7941b62 elementor-section-boxed elementor-section-height-default elementor-section-height-default elementor-invisible\" data-id=\"7941b62\" data-element_type=\"section\" data-settings=\"{&quot;animation&quot;:&quot;bounceInUp&quot;}\">\n\t\t\t\t\t\t<div class=\"elementor-container elementor-column-gap-default\">\n\t\t\t\t\t<div class=\"elementor-column elementor-col-33 elementor-top-column elementor-element elementor-element-4d8c519\" data-id=\"4d8c519\" data-element_type=\"column\">\n\t\t\t<div class=\"elementor-widget-wrap elementor-element-populated\">\n\t\t\t\t\t\t\t\t<div class=\"elementor-element elementor-element-f0b0256 elementor-widget elementor-widget-image\" data-id=\"f0b0256\" data-element_type=\"widget\" data-widget_type=\"image.default\">\n\t\t\t\t<div class=\"elementor-widget-container\">\n\t\t\t\t\t\t\t\t\t\t\t\t\t\t\t<img width=\"718\" height=\"957\" src=\"https:\/\/exchange.galata.edu.tr\/wp-content\/uploads\/2022\/05\/students.jpg\" class=\"attachment-large size-large\" alt=\"\" loading=\"lazy\" srcset=\"https:\/\/exchange.galata.edu.tr\/wp-content\/uploads\/2022\/05\/students.jpg 718w, https:\/\/exchange.galata.edu.tr\/wp-content\/uploads\/2022\/05\/students-225x300.jpg 225w\" sizes=\"(max-width: 718px) 100vw, 718px\" \/>\t\t\t\t\t\t\t\t\t\t\t\t\t\t\t<\/div>\n\t\t\t\t<\/div>\n\t\t\t\t\t<\/div>\n\t\t<\/div>\n\t\t\t\t<div class=\"elementor-column elementor-col-66 elementor-top-column elementor-element elementor-element-7688363\" data-id=\"7688363\" data-element_type=\"column\">\n\t\t\t<div class=\"elementor-widget-wrap elementor-element-populated\">\n\t\t\t\t\t\t\t\t<div class=\"elementor-element elementor-element-ba892fd elementor-widget elementor-widget-text-editor\" data-id=\"ba892fd\" data-element_type=\"widget\" data-widget_type=\"text-editor.default\">\n\t\t\t\t<div class=\"elementor-widget-container\">\n\t\t\t\t\t\t\t<h4><span style=\"color: #ff6600;\">\u00d6nemli Bilgiler:<\/span><\/h4><p><strong>Oturma izni i\u00e7in online ba\u015fvurunuzu vize ve\/veya mevcut ikametinizin bitim s\u00fcrenizden \u00f6nce yapman\u0131z gerekir<\/strong><\/p><p style=\"padding-left: 40px;\">\u25cf \u0130lgili prosed\u00fcrler takip edilmedi\u011fi takdirde yasal i\u015flem uygulan\u0131r.<\/p><p style=\"padding-left: 40px;\">\u25cf \u0130kamet tezkereniz ge\u00e7erli oldu\u011fu s\u00fcrece, T\u00fcrkiye\u2019ye girmek i\u00e7in vize alman\u0131za gerek yoktur.<\/p><p style=\"padding-left: 40px;\">\u25cf Oturma izni i\u00e7in ba\u015fvuru yapt\u0131\u011f\u0131n\u0131z esnada verdi\u011finiz adresin do\u011fru ve eksiksiz olmas\u0131 gereklidir.<\/p><p style=\"padding-left: 40px;\">\u25cf \u0130kamet tezkeresinin kaybedilmesi durumunda derhal \u0130l G\u00f6\u00e7 \u0130daresi M\u00fcd\u00fcrl\u00fc\u011f\u00fc\u2019ne m\u00fcracaat edilmesi gerekmektedir.<\/p><p style=\"padding-left: 40px;\">\u25cf Kay\u0131tl\u0131-kay\u0131ts\u0131z olan, izin alan (kay\u0131t donduran), disiplin su\u00e7u nedeniyle uzakla\u015ft\u0131rma cezas\u0131 alan ve Erasmus-Exchange stat\u00fcs\u00fcndeki \u00f6\u011frencilerin bilgileri her d\u00f6nem, ili\u015fi\u011fi kesilen, kendi iste\u011fiyle ili\u015fik kesen ve mezun olan \u00f6\u011frencilerin bilgileri ilgili kuruma iletilir. Bu durumda herhangi bir sebeple T\u00fcrkiye&#8217;de kalacak olan \u00f6\u011frencilerin k\u0131sa d\u00f6nem ikamet iznine ba\u015fvurmalar\u0131 gerekmektedir.<\/p><p><span style=\"color: #3366ff;\"><strong>Oturma izniyle ilgili prosed\u00fcrler G\u00f6\u00e7 \u0130daresi M\u00fcd\u00fcrl\u00fckleri taraf\u0131ndan y\u00fcr\u00fct\u00fclmektedir. Bu nedenle kurallarda herhangi bir de\u011fi\u015fiklik\/g\u00fcncelleme olmas\u0131 ihtimaline kar\u015f\u0131 l\u00fctfen a\u015fa\u011f\u0131da bilgileri bulunan kurumlarla irtibat halinde olunuz ve web sayfalar\u0131n\u0131 takip ediniz.<\/strong><\/span><\/p><p><span style=\"color: #ff6600;\"><strong>Sorular\u0131n\u0131z i\u00e7in:<\/strong><\/span><\/p><p>\u0130stanbul \u0130l G\u00f6\u00e7 \u0130daresi M\u00fcd\u00fcrl\u00fc\u011f\u00fc<\/p><p>H\u0131rka-i \u015eerif Mahallesi Adnan Menderes Bulvar\u0131 No:64, 34091 Fatih\/\u0130stanbul<\/p><p>E-posta: <a href=\"mailto:istanbul@goc.gov.tr\">istanbul@goc.gov.tr <\/a><\/p><p>Tel: 0212 499 40 00<\/p><p>Yabanc\u0131lar \u0130leti\u015fim Merkezi (Y\u0130MER) Telefon: 157<\/p><p>E-mail : <a href=\"mailto:istanbul.duzenli@goc.gov.tr\">istanbul.duzenli@goc.gov.tr <\/a><\/p><p><strong>NOT: \u0130kamet Tezkerenizi almadan ya da yenilemeden l\u00fctfen T\u00fcrkiye\u2019den ayr\u0131lmay\u0131n\u0131z! \u0130kamet Tezkerenizin bir fotokopisini Erasmus+ Ofis Koordinat\u00f6rl\u00fc\u011f\u00fc\u2019ne teslim etmelisiniz.<\/strong><\/p>\t\t\t\t\t\t<\/div>\n\t\t\t\t<\/div>\n\t\t\t\t\t<\/div>\n\t\t<\/div>\n\t\t\t\t\t\t\t<\/div>\n\t\t<\/section>\n\t\t\t\t<section class=\"elementor-section elementor-top-section elementor-element elementor-element-c3f43f2 elementor-section-boxed elementor-section-height-default elementor-section-height-default\" data-id=\"c3f43f2\" data-element_type=\"section\">\n\t\t\t\t\t\t<div class=\"elementor-container elementor-column-gap-default\">\n\t\t\t\t\t<div class=\"elementor-column elementor-col-100 elementor-top-column elementor-element elementor-element-3c0394e\" data-id=\"3c0394e\" data-element_type=\"column\">\n\t\t\t<div class=\"elementor-widget-wrap elementor-element-populated\">\n\t\t\t\t\t\t\t\t<div class=\"elementor-element elementor-element-b7a3d29 elementor-widget-divider--separator-type-pattern elementor-widget-divider--view-line elementor-widget elementor-widget-divider\" data-id=\"b7a3d29\" data-element_type=\"widget\" data-widget_type=\"divider.default\">\n\t\t\t\t<div class=\"elementor-widget-container\">\n\t\t\t\t\t<div class=\"elementor-divider\" style=\"--divider-pattern-url: url(&quot;data:image\/svg+xml,%3Csvg xmlns=&#039;http:\/\/www.w3.org\/2000\/svg&#039; preserveAspectRatio=&#039;none&#039; overflow=&#039;visible&#039; height=&#039;100%&#039; viewBox=&#039;0 0 24 24&#039; fill=&#039;none&#039; stroke=&#039;black&#039; stroke-width=&#039;1&#039; stroke-linecap=&#039;square&#039; stroke-miterlimit=&#039;10&#039;%3E%3Cpolyline points=&#039;0,18 12,6 24,18 &#039;\/%3E%3C\/svg%3E&quot;);\">\n\t\t\t<span class=\"elementor-divider-separator\">\n\t\t\t\t\t\t<\/span>\n\t\t<\/div>\n\t\t\t\t<\/div>\n\t\t\t\t<\/div>\n\t\t\t\t\t<\/div>\n\t\t<\/div>\n\t\t\t\t\t\t\t<\/div>\n\t\t<\/section>\n\t\t\t\t<section class=\"elementor-section elementor-top-section elementor-element elementor-element-df81054 elementor-section-boxed elementor-section-height-default elementor-section-height-default elementor-invisible\" data-id=\"df81054\" data-element_type=\"section\" data-settings=\"{&quot;animation&quot;:&quot;bounceInUp&quot;}\">\n\t\t\t\t\t\t<div class=\"elementor-container elementor-column-gap-default\">\n\t\t\t\t\t<div class=\"elementor-column elementor-col-66 elementor-top-column elementor-element elementor-element-ab8c37c\" data-id=\"ab8c37c\" data-element_type=\"column\">\n\t\t\t<div class=\"elementor-widget-wrap elementor-element-populated\">\n\t\t\t\t\t\t\t\t<div class=\"elementor-element elementor-element-b4585d8 elementor-widget elementor-widget-text-editor\" data-id=\"b4585d8\" data-element_type=\"widget\" data-widget_type=\"text-editor.default\">\n\t\t\t\t<div class=\"elementor-widget-container\">\n\t\t\t\t\t\t\t<h4><span style=\"color: #ff6600;\">Ek Bilgiler:<br \/><\/span><\/h4><p><strong>Para Birimi<\/strong><\/p><p>T\u00fcrkiye Cumhuriyeti\u2019nin para birimi T\u00fcrk Liras\u0131\u2019d\u0131r (TL). G\u00fcnl\u00fck d\u00f6viz kurlar\u0131 bankalarda ve d\u00f6viz b\u00fcrolar\u0131nda ilan edilmektedir. G\u00fcncel bilgileri T\u00fcrkiye Merkez Bankas\u0131 web sayfas\u0131ndan da takip edebilirsiniz.<\/p><p><strong>Banka Hesab\u0131 A\u00e7t\u0131rma<\/strong><\/p><p>Her hangi bir vergi dairesine pasaportunuz ile \u015fahsen giderek yabanc\u0131lara \u00f6zel bir vergi numaras\u0131 almal\u0131s\u0131n\u0131z. Vergi dairesinden alm\u0131\u015f oldu\u011funuz bu numara, pasaportunuz ve G\u00f6\u00e7 \u0130daresi Genel M\u00fcd\u00fcrl\u00fc\u011f\u00fc\u2019nden alm\u0131\u015f oldu\u011funuz ikamet tezkereniz ile birlikte hesap a\u00e7may\u0131 d\u00fc\u015f\u00fcnd\u00fc\u011f\u00fcn\u00fcz banka \u015fubesine giderek hesab\u0131n\u0131z\u0131 a\u00e7\u0131p, t\u00fcm bankac\u0131l\u0131k i\u015flemlerini yapabilirsiniz.<\/p><p><strong>Gerekli Bilgiler Ve Siteler<\/strong><\/p><p>Telefonunuzu yan\u0131n\u0131zda getiriyorsan\u0131z, T\u00fcrkiye\u2019ye geldikten sonra 120 g\u00fcn i\u00e7erisinde kay\u0131t ettirmeniz gerekmektedir. Aksi takdirde telefonunuz bloke olacakt\u0131r. Telefonunuzu kaydettirmek i\u00e7in herhangi bir vergi dairesine \u00f6deme yapmak zorundas\u0131n\u0131z. \u00d6deme yapt\u0131\u011f\u0131n\u0131za dair dekontunuz, cihaz IMEI numaras\u0131 ve pasaportunuzla birlikte, herhangi bir cep telefonu \u015firketine (Turkcell, Vodafone, T\u00fcrk Telekom) cep telefonunuzu kay\u0131t ettirmek istedi\u011finizi s\u00f6yleyip i\u015fleminizi yapabilirsiniz. Abone Kay\u0131t Merkezi\u2019nden ya da herhangi bir cep telefonu \u015firket bayiinden kont\u00f6rl\u00fc\/fatural\u0131 hat alabilirsiniz.<\/p><p>\u0130kamet tezkeresi ba\u015fvuru sonras\u0131 taraf\u0131n\u0131za verilecek olan yabanc\u0131 kimlik numaras\u0131 bulunan, e-Devlet \u015fifresi alabilen ki\u015filerin tek kay\u0131t mercii olan e-Devlet kap\u0131s\u0131 <a href=\"https:\/\/www.turkiye.gov.tr\/btk-imei-kaydet\">https:\/\/www.turkiye.gov.tr\/btk-imei-kaydet<\/a> \u00fczerinden sisteme giri\u015f yaparak gerekli bilgileri doldurmak suretiyle kay\u0131t i\u015flemini ger\u00e7ekle\u015ftirebilmekteler.<\/p><p><strong>Acil Durum Numaralar\u0131:<\/strong><\/p><p>112 (Polis; \u0130tfaiye; Ambulans)<\/p><p><strong>Faydal\u0131 linkler:<\/strong><\/p><p>Hava Durumu: <a href=\"https:\/\/www.mgm.gov.tr\/\">https:\/\/www.mgm.gov.tr\/ <\/a><\/p><p>D\u00f6viz Kurlar\u0131: <a href=\"http:\/\/www.tcmb.gov.tr\/yeni\/eng\/\">http:\/\/www.tcmb.gov.tr\/yeni\/eng\/<\/a><\/p><p>Otob\u00fcs: <a href=\"http:\/\/www.iett.gov.tr\/en\/\">http:\/\/www.iett.gov.tr\/en\/ <\/a><\/p><p>Tren: <a href=\"http:\/\/www.tcdd.gov.tr\/tcdding\/index.htm\">http:\/\/www.tcdd.gov.tr\/tcdding\/index.htm<\/a><\/p>\t\t\t\t\t\t<\/div>\n\t\t\t\t<\/div>\n\t\t\t\t\t<\/div>\n\t\t<\/div>\n\t\t\t\t<div class=\"elementor-column elementor-col-33 elementor-top-column elementor-element elementor-element-ac5f3f6\" data-id=\"ac5f3f6\" data-element_type=\"column\">\n\t\t\t<div class=\"elementor-widget-wrap elementor-element-populated\">\n\t\t\t\t\t\t\t\t<div class=\"elementor-element elementor-element-74a978b elementor-widget elementor-widget-image\" data-id=\"74a978b\" data-element_type=\"widget\" data-widget_type=\"image.default\">\n\t\t\t\t<div class=\"elementor-widget-container\">\n\t\t\t\t\t\t\t\t\t\t\t\t\t\t\t<img width=\"800\" height=\"531\" src=\"https:\/\/exchange.galata.edu.tr\/wp-content\/uploads\/2022\/02\/31299-1024x680.jpeg\" class=\"attachment-large size-large\" alt=\"\" loading=\"lazy\" srcset=\"https:\/\/exchange.galata.edu.tr\/wp-content\/uploads\/2022\/02\/31299-1024x680.jpeg 1024w, https:\/\/exchange.galata.edu.tr\/wp-content\/uploads\/2022\/02\/31299-300x199.jpeg 300w, https:\/\/exchange.galata.edu.tr\/wp-content\/uploads\/2022\/02\/31299-768x510.jpeg 768w, https:\/\/exchange.galata.edu.tr\/wp-content\/uploads\/2022\/02\/31299-1536x1020.jpeg 1536w, https:\/\/exchange.galata.edu.tr\/wp-content\/uploads\/2022\/02\/31299.jpeg 1600w\" sizes=\"(max-width: 800px) 100vw, 800px\" \/>\t\t\t\t\t\t\t\t\t\t\t\t\t\t\t<\/div>\n\t\t\t\t<\/div>\n\t\t\t\t\t<\/div>\n\t\t<\/div>\n\t\t\t\t\t\t\t<\/div>\n\t\t<\/section>\n\t\t\t\t<section class=\"elementor-section elementor-top-section elementor-element elementor-element-204abbe elementor-section-boxed elementor-section-height-default elementor-section-height-default\" data-id=\"204abbe\" data-element_type=\"section\">\n\t\t\t\t\t\t<div class=\"elementor-container elementor-column-gap-default\">\n\t\t\t\t\t<div class=\"elementor-column elementor-col-100 elementor-top-column elementor-element elementor-element-d833373\" data-id=\"d833373\" data-element_type=\"column\">\n\t\t\t<div class=\"elementor-widget-wrap elementor-element-populated\">\n\t\t\t\t\t\t\t\t<div class=\"elementor-element elementor-element-7eafcd0 elementor-widget-divider--separator-type-pattern elementor-widget-divider--view-line elementor-widget elementor-widget-divider\" data-id=\"7eafcd0\" data-element_type=\"widget\" data-widget_type=\"divider.default\">\n\t\t\t\t<div class=\"elementor-widget-container\">\n\t\t\t\t\t<div class=\"elementor-divider\" style=\"--divider-pattern-url: url(&quot;data:image\/svg+xml,%3Csvg xmlns=&#039;http:\/\/www.w3.org\/2000\/svg&#039; preserveAspectRatio=&#039;none&#039; overflow=&#039;visible&#039; height=&#039;100%&#039; viewBox=&#039;0 0 24 24&#039; fill=&#039;none&#039; stroke=&#039;black&#039; stroke-width=&#039;1&#039; stroke-linecap=&#039;square&#039; stroke-miterlimit=&#039;10&#039;%3E%3Cpolyline points=&#039;0,18 12,6 24,18 &#039;\/%3E%3C\/svg%3E&quot;);\">\n\t\t\t<span class=\"elementor-divider-separator\">\n\t\t\t\t\t\t<\/span>\n\t\t<\/div>\n\t\t\t\t<\/div>\n\t\t\t\t<\/div>\n\t\t\t\t\t<\/div>\n\t\t<\/div>\n\t\t\t\t\t\t\t<\/div>\n\t\t<\/section>\n\t\t\t\t\t\t\t<\/div>\n\t\t","protected":false},"excerpt":{"rendered":"<p>Gelen \u00d6\u011frenci Erasmus+ \u00d6\u011frenci De\u011fi\u015fimi program\u0131 kapsam\u0131nda yurtd\u0131\u015f\u0131 e\u011fitim d\u00f6neminizi \u0130stanbul Galata \u00dcniversitesinde ge\u00e7irmek istiyorsan\u0131z, \u00fcniversiteniz Erasmus+ Ofisi ile irtibata ge\u00e7ip kurumlar\u0131m\u0131z aras\u0131nda Erasmus anla\u015fmas\u0131 olup olmad\u0131\u011f\u0131n\u0131 var ise sizi \u00fcniversitemizde de\u011fi\u015fim \u00f6\u011frencisi aday\u0131 olarak taraf\u0131m\u0131za bildirmesini istemelisiniz. Ba\u015fvuru Tarihleri: G\u00fcz D\u00f6nemi: 1 Temmuz\u00a0 Bahar D\u00f6nemi: 1 Kas\u0131m \u00dcniversitemize Erasmus+ program\u0131 kapsam\u0131nda gelecek olan \u00f6\u011frencilerin [&hellip;]<\/p>\n","protected":false},"author":1,"featured_media":0,"parent":0,"menu_order":0,"comment_status":"closed","ping_status":"closed","template":"","meta":[],"_links":{"self":[{"href":"https:\/\/exchange.galata.edu.tr\/tr\/wp-json\/wp\/v2\/pages\/3643"}],"collection":[{"href":"https:\/\/exchange.galata.edu.tr\/tr\/wp-json\/wp\/v2\/pages"}],"about":[{"href":"https:\/\/exchange.galata.edu.tr\/tr\/wp-json\/wp\/v2\/types\/page"}],"author":[{"embeddable":true,"href":"https:\/\/exchange.galata.edu.tr\/tr\/wp-json\/wp\/v2\/users\/1"}],"replies":[{"embeddable":true,"href":"https:\/\/exchange.galata.edu.tr\/tr\/wp-json\/wp\/v2\/comments?post=3643"}],"version-history":[{"count":16,"href":"https:\/\/exchange.galata.edu.tr\/tr\/wp-json\/wp\/v2\/pages\/3643\/revisions"}],"predecessor-version":[{"id":3660,"href":"https:\/\/exchange.galata.edu.tr\/tr\/wp-json\/wp\/v2\/pages\/3643\/revisions\/3660"}],"wp:attachment":[{"href":"https:\/\/exchange.galata.edu.tr\/tr\/wp-json\/wp\/v2\/media?parent=3643"}],"curies":[{"name":"wp","href":"https:\/\/api.w.org\/{rel}","templated":true}]}}