{"id":3663,"date":"2021-07-19T10:00:19","date_gmt":"2021-07-19T10:00:19","guid":{"rendered":"https:\/\/exchange.galata.edu.tr\/erasmus-programmes-frequently-asked-questions\/"},"modified":"2022-08-23T17:08:55","modified_gmt":"2022-08-23T17:08:55","slug":"erasmus-programmes-frequently-asked-questions","status":"publish","type":"page","link":"https:\/\/exchange.galata.edu.tr\/tr\/erasmus-programmes-frequently-asked-questions\/","title":{"rendered":"Erasmus+ S\u0131k\u00e7a Sorulan Sorular"},"content":{"rendered":"\t\t<div data-elementor-type=\"wp-page\" data-elementor-id=\"3663\" class=\"elementor elementor-3663\">\n\t\t\t\t\t\t\t\t\t<section class=\"elementor-section elementor-top-section elementor-element elementor-element-976b7ac elementor-section-boxed elementor-section-height-default elementor-section-height-default\" data-id=\"976b7ac\" data-element_type=\"section\">\n\t\t\t\t\t\t<div class=\"elementor-container elementor-column-gap-default\">\n\t\t\t\t\t<div class=\"elementor-column elementor-col-100 elementor-top-column elementor-element elementor-element-903c634\" data-id=\"903c634\" data-element_type=\"column\">\n\t\t\t<div class=\"elementor-widget-wrap elementor-element-populated\">\n\t\t\t\t\t\t\t\t<div class=\"elementor-element elementor-element-4b255cd elementor-widget elementor-widget-heading\" data-id=\"4b255cd\" data-element_type=\"widget\" data-widget_type=\"heading.default\">\n\t\t\t\t<div class=\"elementor-widget-container\">\n\t\t\t<h2 class=\"elementor-heading-title elementor-size-default\">Erasmus+ Program\u0131 S\u0131k\u00e7a Sorulan Sorular<\/h2>\t\t<\/div>\n\t\t\t\t<\/div>\n\t\t\t\t<div class=\"elementor-element elementor-element-5a1f0eb elementor-widget elementor-widget-accordion\" data-id=\"5a1f0eb\" data-element_type=\"widget\" data-widget_type=\"accordion.default\">\n\t\t\t\t<div class=\"elementor-widget-container\">\n\t\t\t\t\t<div class=\"elementor-accordion\" role=\"tablist\">\n\t\t\t\t\t\t\t<div class=\"elementor-accordion-item\">\n\t\t\t\t\t<div id=\"elementor-tab-title-9441\" class=\"elementor-tab-title\" data-tab=\"1\" role=\"tab\" aria-controls=\"elementor-tab-content-9441\" aria-expanded=\"false\">\n\t\t\t\t\t\t\t\t\t\t\t\t\t<span class=\"elementor-accordion-icon elementor-accordion-icon-left\" aria-hidden=\"true\">\n\t\t\t\t\t\t\t\t\t\t\t\t\t\t\t<span class=\"elementor-accordion-icon-closed\"><i class=\"fas fa-plus\"><\/i><\/span>\n\t\t\t\t\t\t\t\t<span class=\"elementor-accordion-icon-opened\"><i class=\"fas fa-minus\"><\/i><\/span>\n\t\t\t\t\t\t\t\t\t\t\t\t\t\t<\/span>\n\t\t\t\t\t\t\t\t\t\t\t\t<a class=\"elementor-accordion-title\" href=\"\">1.\tErasmus+ \u00f6\u011frenim hareketlili\u011fi nedir?<\/a>\n\t\t\t\t\t<\/div>\n\t\t\t\t\t<div id=\"elementor-tab-content-9441\" class=\"elementor-tab-content elementor-clearfix\" data-tab=\"1\" role=\"tabpanel\" aria-labelledby=\"elementor-tab-title-9441\"><p>Erasmus+ \u00d6\u011frenci \u00d6\u011frenim Hareketlili\u011fi ile T\u00fcrkiye\u2019de \u00f6rg\u00fcn e\u011fitim veren Erasmus \u00dcniversite Beyannamesi (E\u00dcB) sahibi bir y\u00fcksek\u00f6\u011fretim kurumunda kay\u0131tl\u0131 \u00f6\u011frenciler, 1 akademik y\u0131l i\u00e7inde 1 veya 2 d\u00f6nemli\u011fine di\u011fer bir Avrupa \u00fclkesi E\u00dcB sahibi y\u00fcksek\u00f6\u011fretim kurumunda de\u011fi\u015fim \u00f6\u011frencisi olarak e\u011fitim g\u00f6rebilmekteler.<\/p><\/div>\n\t\t\t\t<\/div>\n\t\t\t\t\t\t\t<div class=\"elementor-accordion-item\">\n\t\t\t\t\t<div id=\"elementor-tab-title-9442\" class=\"elementor-tab-title\" data-tab=\"2\" role=\"tab\" aria-controls=\"elementor-tab-content-9442\" aria-expanded=\"false\">\n\t\t\t\t\t\t\t\t\t\t\t\t\t<span class=\"elementor-accordion-icon elementor-accordion-icon-left\" aria-hidden=\"true\">\n\t\t\t\t\t\t\t\t\t\t\t\t\t\t\t<span class=\"elementor-accordion-icon-closed\"><i class=\"fas fa-plus\"><\/i><\/span>\n\t\t\t\t\t\t\t\t<span class=\"elementor-accordion-icon-opened\"><i class=\"fas fa-minus\"><\/i><\/span>\n\t\t\t\t\t\t\t\t\t\t\t\t\t\t<\/span>\n\t\t\t\t\t\t\t\t\t\t\t\t<a class=\"elementor-accordion-title\" href=\"\">2.\tErasmus+ Staj Hareketlili\u011fi nedir?<\/a>\n\t\t\t\t\t<\/div>\n\t\t\t\t\t<div id=\"elementor-tab-content-9442\" class=\"elementor-tab-content elementor-clearfix\" data-tab=\"2\" role=\"tabpanel\" aria-labelledby=\"elementor-tab-title-9442\"><p>\u00d6\u011frenci Staj Hareketlili\u011fi faaliyeti, y\u00fcksek\u00f6\u011fretim kurumunda kay\u0131tl\u0131 \u00f6\u011frencinin yurtd\u0131\u015f\u0131ndaki bir i\u015fletmede, bir ara\u015ft\u0131rma enstit\u00fcs\u00fcnde, bir laboratuvarda veya akademik \u00e7al\u0131\u015fma alan\u0131yla ilgili bir kurum veya kurulu\u015fta staj yapmas\u0131d\u0131r.<\/p><\/div>\n\t\t\t\t<\/div>\n\t\t\t\t\t\t\t<div class=\"elementor-accordion-item\">\n\t\t\t\t\t<div id=\"elementor-tab-title-9443\" class=\"elementor-tab-title\" data-tab=\"3\" role=\"tab\" aria-controls=\"elementor-tab-content-9443\" aria-expanded=\"false\">\n\t\t\t\t\t\t\t\t\t\t\t\t\t<span class=\"elementor-accordion-icon elementor-accordion-icon-left\" aria-hidden=\"true\">\n\t\t\t\t\t\t\t\t\t\t\t\t\t\t\t<span class=\"elementor-accordion-icon-closed\"><i class=\"fas fa-plus\"><\/i><\/span>\n\t\t\t\t\t\t\t\t<span class=\"elementor-accordion-icon-opened\"><i class=\"fas fa-minus\"><\/i><\/span>\n\t\t\t\t\t\t\t\t\t\t\t\t\t\t<\/span>\n\t\t\t\t\t\t\t\t\t\t\t\t<a class=\"elementor-accordion-title\" href=\"\">3.\tErasmus+ Program\u0131 neler kazand\u0131r\u0131r?<\/a>\n\t\t\t\t\t<\/div>\n\t\t\t\t\t<div id=\"elementor-tab-content-9443\" class=\"elementor-tab-content elementor-clearfix\" data-tab=\"3\" role=\"tabpanel\" aria-labelledby=\"elementor-tab-title-9443\"><ul><li>Yurtd\u0131\u015f\u0131 deneyimi<\/li><li>Farkl\u0131 k\u00fclt\u00fcrl\u00fc ortamda ders i\u015fleme<\/li><li>De\u011fi\u015fik k\u00fclt\u00fcrleri tan\u0131ma<\/li><li>Kendi k\u00fclt\u00fcr\u00fcn\u00fc tan\u0131tma<\/li><li>Yeni uluslararas\u0131 arkada\u015flar edinme<\/li><li>E\u011fitim sonras\u0131 i\u015f\/mesleki ba\u011flant\u0131lar<\/li><li>Farkl\u0131 bir \u00fcniversitede \u00f6\u011frenci olabilme<\/li><li>Yabanc\u0131 dili geli\u015ftirme\/ \u00d6zg\u00fcveni art\u0131rma<\/li><li>\u00a0<\/li><\/ul><\/div>\n\t\t\t\t<\/div>\n\t\t\t\t\t\t\t<div class=\"elementor-accordion-item\">\n\t\t\t\t\t<div id=\"elementor-tab-title-9444\" class=\"elementor-tab-title\" data-tab=\"4\" role=\"tab\" aria-controls=\"elementor-tab-content-9444\" aria-expanded=\"false\">\n\t\t\t\t\t\t\t\t\t\t\t\t\t<span class=\"elementor-accordion-icon elementor-accordion-icon-left\" aria-hidden=\"true\">\n\t\t\t\t\t\t\t\t\t\t\t\t\t\t\t<span class=\"elementor-accordion-icon-closed\"><i class=\"fas fa-plus\"><\/i><\/span>\n\t\t\t\t\t\t\t\t<span class=\"elementor-accordion-icon-opened\"><i class=\"fas fa-minus\"><\/i><\/span>\n\t\t\t\t\t\t\t\t\t\t\t\t\t\t<\/span>\n\t\t\t\t\t\t\t\t\t\t\t\t<a class=\"elementor-accordion-title\" href=\"\">4.\tErasmus+ \u00d6\u011frenim Hareketlili\u011fi Program\u0131ndan yararland\u0131m, Erasmus+ Staj Program\u0131ndan da yararlanabilir miyim?<\/a>\n\t\t\t\t\t<\/div>\n\t\t\t\t\t<div id=\"elementor-tab-content-9444\" class=\"elementor-tab-content elementor-clearfix\" data-tab=\"4\" role=\"tabpanel\" aria-labelledby=\"elementor-tab-title-9444\"><p>Evet, yararlanabilirsiniz. Erasmus+ 2014-2020 d\u00f6neminde yap\u0131lan \u00f6\u011frenci hareketlili\u011fi s\u00fcresi ile Erasmus+ 2021-2027 d\u00f6neminde yap\u0131lan \u00f6\u011frenci hareketlili\u011fi s\u00fcreleri, toplamda 12 ay\u0131 ge\u00e7emez.<\/p><\/div>\n\t\t\t\t<\/div>\n\t\t\t\t\t\t\t<div class=\"elementor-accordion-item\">\n\t\t\t\t\t<div id=\"elementor-tab-title-9445\" class=\"elementor-tab-title\" data-tab=\"5\" role=\"tab\" aria-controls=\"elementor-tab-content-9445\" aria-expanded=\"false\">\n\t\t\t\t\t\t\t\t\t\t\t\t\t<span class=\"elementor-accordion-icon elementor-accordion-icon-left\" aria-hidden=\"true\">\n\t\t\t\t\t\t\t\t\t\t\t\t\t\t\t<span class=\"elementor-accordion-icon-closed\"><i class=\"fas fa-plus\"><\/i><\/span>\n\t\t\t\t\t\t\t\t<span class=\"elementor-accordion-icon-opened\"><i class=\"fas fa-minus\"><\/i><\/span>\n\t\t\t\t\t\t\t\t\t\t\t\t\t\t<\/span>\n\t\t\t\t\t\t\t\t\t\t\t\t<a class=\"elementor-accordion-title\" href=\"\">5.\tErasmus+ \u00f6\u011frencisi olmak i\u00e7in nas\u0131l ba\u015fvurabilirim? <\/a>\n\t\t\t\t\t<\/div>\n\t\t\t\t\t<div id=\"elementor-tab-content-9445\" class=\"elementor-tab-content elementor-clearfix\" data-tab=\"5\" role=\"tabpanel\" aria-labelledby=\"elementor-tab-title-9445\"><p>Erasmus+ \u00d6\u011fenim veya Staj Hareketliliklerinin ba\u015fvuru tarihleri ve \u015fartlar\u0131 her y\u0131l web sayfam\u0131zda ilan edilecektir. Yeni d\u00f6nem kapsam\u0131nda \u00f6\u011frencilerin se\u00e7iminde taban puan olarak lisans ve \u00f6n lisans i\u00e7in 2.20\/4, y\u00fcksek lisans ve doktora i\u00e7in 2,5\/4 a\u011f\u0131rl\u0131kl\u0131 not ortalamas\u0131n\u0131n olmas\u0131\u00a0gerekmektedir.<\/p><\/div>\n\t\t\t\t<\/div>\n\t\t\t\t\t\t\t<div class=\"elementor-accordion-item\">\n\t\t\t\t\t<div id=\"elementor-tab-title-9446\" class=\"elementor-tab-title\" data-tab=\"6\" role=\"tab\" aria-controls=\"elementor-tab-content-9446\" aria-expanded=\"false\">\n\t\t\t\t\t\t\t\t\t\t\t\t\t<span class=\"elementor-accordion-icon elementor-accordion-icon-left\" aria-hidden=\"true\">\n\t\t\t\t\t\t\t\t\t\t\t\t\t\t\t<span class=\"elementor-accordion-icon-closed\"><i class=\"fas fa-plus\"><\/i><\/span>\n\t\t\t\t\t\t\t\t<span class=\"elementor-accordion-icon-opened\"><i class=\"fas fa-minus\"><\/i><\/span>\n\t\t\t\t\t\t\t\t\t\t\t\t\t\t<\/span>\n\t\t\t\t\t\t\t\t\t\t\t\t<a class=\"elementor-accordion-title\" href=\"\">6.\tNot ortalamam\u0131z 2.20 \u2018\u0131n alt\u0131nda olursa programa ba\u015fvuru yapabilir miyim?<\/a>\n\t\t\t\t\t<\/div>\n\t\t\t\t\t<div id=\"elementor-tab-content-9446\" class=\"elementor-tab-content elementor-clearfix\" data-tab=\"6\" role=\"tabpanel\" aria-labelledby=\"elementor-tab-title-9446\"><p>Not ortalamas\u0131na ili\u015fkin standartlar\u00a0Ulusal Ajans ve Avrupa Birli\u011fi Program y\u00fcr\u00fct\u00fcc\u00fcleri taraf\u0131ndan belirlenmi\u015f olup istenen not ortalamas\u0131 ba\u015fvuru ilanlar\u0131nda belirtilmektedir.<\/p><\/div>\n\t\t\t\t<\/div>\n\t\t\t\t\t\t\t<div class=\"elementor-accordion-item\">\n\t\t\t\t\t<div id=\"elementor-tab-title-9447\" class=\"elementor-tab-title\" data-tab=\"7\" role=\"tab\" aria-controls=\"elementor-tab-content-9447\" aria-expanded=\"false\">\n\t\t\t\t\t\t\t\t\t\t\t\t\t<span class=\"elementor-accordion-icon elementor-accordion-icon-left\" aria-hidden=\"true\">\n\t\t\t\t\t\t\t\t\t\t\t\t\t\t\t<span class=\"elementor-accordion-icon-closed\"><i class=\"fas fa-plus\"><\/i><\/span>\n\t\t\t\t\t\t\t\t<span class=\"elementor-accordion-icon-opened\"><i class=\"fas fa-minus\"><\/i><\/span>\n\t\t\t\t\t\t\t\t\t\t\t\t\t\t<\/span>\n\t\t\t\t\t\t\t\t\t\t\t\t<a class=\"elementor-accordion-title\" href=\"\">7.\t\u00c7ift Anadal yap\u0131yorum. Her iki Anadaldan ba\u015fvuru yapabilir miyim?<\/a>\n\t\t\t\t\t<\/div>\n\t\t\t\t\t<div id=\"elementor-tab-content-9447\" class=\"elementor-tab-content elementor-clearfix\" data-tab=\"7\" role=\"tabpanel\" aria-labelledby=\"elementor-tab-title-9447\"><p>\u00c7ift Anadal Program\u0131na kay\u0131tl\u0131 olan \u00f6\u011frenci, tek bir Anadal\u0131ndan ba\u015fvuru yapabilir. Yandal Program\u0131na kay\u0131tl\u0131 olan \u00f6\u011frenci sadece Anadal\u0131ndan ba\u015fvuru yapabilir.<\/p><\/div>\n\t\t\t\t<\/div>\n\t\t\t\t\t\t\t<div class=\"elementor-accordion-item\">\n\t\t\t\t\t<div id=\"elementor-tab-title-9448\" class=\"elementor-tab-title\" data-tab=\"8\" role=\"tab\" aria-controls=\"elementor-tab-content-9448\" aria-expanded=\"false\">\n\t\t\t\t\t\t\t\t\t\t\t\t\t<span class=\"elementor-accordion-icon elementor-accordion-icon-left\" aria-hidden=\"true\">\n\t\t\t\t\t\t\t\t\t\t\t\t\t\t\t<span class=\"elementor-accordion-icon-closed\"><i class=\"fas fa-plus\"><\/i><\/span>\n\t\t\t\t\t\t\t\t<span class=\"elementor-accordion-icon-opened\"><i class=\"fas fa-minus\"><\/i><\/span>\n\t\t\t\t\t\t\t\t\t\t\t\t\t\t<\/span>\n\t\t\t\t\t\t\t\t\t\t\t\t<a class=\"elementor-accordion-title\" href=\"\">8.\tB\u00f6l\u00fcm\u00fcm\u00fcn\/Fak\u00fcltemin \u0130kili Anla\u015fmas\u0131 yok. Ne yapabilirim?<\/a>\n\t\t\t\t\t<\/div>\n\t\t\t\t\t<div id=\"elementor-tab-content-9448\" class=\"elementor-tab-content elementor-clearfix\" data-tab=\"8\" role=\"tabpanel\" aria-labelledby=\"elementor-tab-title-9448\"><p>B\u00f6l\u00fcm\u00fcn\u00fcz\u00fcn\/fak\u00fcltenizin Erasmus \u0130kili Anla\u015fmas\u0131 yok ise ba\u015fvuru tarihlerinden \u00f6nceki bir tarihte Erasmus b\u00f6l\u00fcm\/fak\u00fclte koordinat\u00f6r\u00fcn\u00fcz ile irtibata ge\u00e7iniz.<\/p><\/div>\n\t\t\t\t<\/div>\n\t\t\t\t\t\t\t<div class=\"elementor-accordion-item\">\n\t\t\t\t\t<div id=\"elementor-tab-title-9449\" class=\"elementor-tab-title\" data-tab=\"9\" role=\"tab\" aria-controls=\"elementor-tab-content-9449\" aria-expanded=\"false\">\n\t\t\t\t\t\t\t\t\t\t\t\t\t<span class=\"elementor-accordion-icon elementor-accordion-icon-left\" aria-hidden=\"true\">\n\t\t\t\t\t\t\t\t\t\t\t\t\t\t\t<span class=\"elementor-accordion-icon-closed\"><i class=\"fas fa-plus\"><\/i><\/span>\n\t\t\t\t\t\t\t\t<span class=\"elementor-accordion-icon-opened\"><i class=\"fas fa-minus\"><\/i><\/span>\n\t\t\t\t\t\t\t\t\t\t\t\t\t\t<\/span>\n\t\t\t\t\t\t\t\t\t\t\t\t<a class=\"elementor-accordion-title\" href=\"\">9.\t\u00d6\u011frenci olarak \u0130kili Anla\u015fma (Bilateral Agreement) yapabilir miyim?<\/a>\n\t\t\t\t\t<\/div>\n\t\t\t\t\t<div id=\"elementor-tab-content-9449\" class=\"elementor-tab-content elementor-clearfix\" data-tab=\"9\" role=\"tabpanel\" aria-labelledby=\"elementor-tab-title-9449\"><p>Hay\u0131r, \u0130kili anla\u015fma i\u00e7in yaz\u0131\u015fmalar\u0131 b\u00f6l\u00fcm\/okul\/enstit\u00fc koordinat\u00f6rleri ve\/veya Erasmus+ Ofisi Koordinat\u00f6rl\u00fc\u011f\u00fc yapar.<\/p><\/div>\n\t\t\t\t<\/div>\n\t\t\t\t\t\t\t<div class=\"elementor-accordion-item\">\n\t\t\t\t\t<div id=\"elementor-tab-title-94410\" class=\"elementor-tab-title\" data-tab=\"10\" role=\"tab\" aria-controls=\"elementor-tab-content-94410\" aria-expanded=\"false\">\n\t\t\t\t\t\t\t\t\t\t\t\t\t<span class=\"elementor-accordion-icon elementor-accordion-icon-left\" aria-hidden=\"true\">\n\t\t\t\t\t\t\t\t\t\t\t\t\t\t\t<span class=\"elementor-accordion-icon-closed\"><i class=\"fas fa-plus\"><\/i><\/span>\n\t\t\t\t\t\t\t\t<span class=\"elementor-accordion-icon-opened\"><i class=\"fas fa-minus\"><\/i><\/span>\n\t\t\t\t\t\t\t\t\t\t\t\t\t\t<\/span>\n\t\t\t\t\t\t\t\t\t\t\t\t<a class=\"elementor-accordion-title\" href=\"\">10.\tGidece\u011fim \u00fclke veya \u00fcniversiteyi kendim se\u00e7ebilir miyim?<\/a>\n\t\t\t\t\t<\/div>\n\t\t\t\t\t<div id=\"elementor-tab-content-94410\" class=\"elementor-tab-content elementor-clearfix\" data-tab=\"10\" role=\"tabpanel\" aria-labelledby=\"elementor-tab-title-94410\"><p>Erasmus+ hareketlili\u011fi kapsam\u0131nda yaln\u0131zca \u00f6\u011frenim \u00fcniversitelerin anla\u015fmal\u0131 olduklar\u0131 \u00a0yurtd\u0131\u015f\u0131ndaki\u00a0ortak \u00fcniversitelere gidilebilmektedir. Ancak gitmek istedi\u011finiz \u00fcniversiteyle ikili anla\u015fma bulunmuyorsa, \u00fcniversite bilgilerini Erasmus+ Ofis Koordinat\u00f6rl\u00fc\u011f\u00fc\u2019ne bildirmeniz halinde, istedi\u011finiz \u00fclke\/\u00fcniversiteleriyle ikili anla\u015fma yap\u0131lmas\u0131n\u0131 sa\u011flayabiliriz.<\/p><\/div>\n\t\t\t\t<\/div>\n\t\t\t\t\t\t\t<div class=\"elementor-accordion-item\">\n\t\t\t\t\t<div id=\"elementor-tab-title-94411\" class=\"elementor-tab-title\" data-tab=\"11\" role=\"tab\" aria-controls=\"elementor-tab-content-94411\" aria-expanded=\"false\">\n\t\t\t\t\t\t\t\t\t\t\t\t\t<span class=\"elementor-accordion-icon elementor-accordion-icon-left\" aria-hidden=\"true\">\n\t\t\t\t\t\t\t\t\t\t\t\t\t\t\t<span class=\"elementor-accordion-icon-closed\"><i class=\"fas fa-plus\"><\/i><\/span>\n\t\t\t\t\t\t\t\t<span class=\"elementor-accordion-icon-opened\"><i class=\"fas fa-minus\"><\/i><\/span>\n\t\t\t\t\t\t\t\t\t\t\t\t\t\t<\/span>\n\t\t\t\t\t\t\t\t\t\t\t\t<a class=\"elementor-accordion-title\" href=\"\">11.\tErasmus Program\u0131 \u00e7er\u00e7evesinde yurt d\u0131\u015f\u0131nda ne kadar kalabilirim?<\/a>\n\t\t\t\t\t<\/div>\n\t\t\t\t\t<div id=\"elementor-tab-content-94411\" class=\"elementor-tab-content elementor-clearfix\" data-tab=\"11\" role=\"tabpanel\" aria-labelledby=\"elementor-tab-title-94411\"><p>Erasmus+ \u00d6\u011frenim ve Staj hareketlilikleri i\u00e7in en az 2 ay en fazla 12 ay olabilir.<\/p><\/div>\n\t\t\t\t<\/div>\n\t\t\t\t\t\t\t<div class=\"elementor-accordion-item\">\n\t\t\t\t\t<div id=\"elementor-tab-title-94412\" class=\"elementor-tab-title\" data-tab=\"12\" role=\"tab\" aria-controls=\"elementor-tab-content-94412\" aria-expanded=\"false\">\n\t\t\t\t\t\t\t\t\t\t\t\t\t<span class=\"elementor-accordion-icon elementor-accordion-icon-left\" aria-hidden=\"true\">\n\t\t\t\t\t\t\t\t\t\t\t\t\t\t\t<span class=\"elementor-accordion-icon-closed\"><i class=\"fas fa-plus\"><\/i><\/span>\n\t\t\t\t\t\t\t\t<span class=\"elementor-accordion-icon-opened\"><i class=\"fas fa-minus\"><\/i><\/span>\n\t\t\t\t\t\t\t\t\t\t\t\t\t\t<\/span>\n\t\t\t\t\t\t\t\t\t\t\t\t<a class=\"elementor-accordion-title\" href=\"\">12.\tErasmus+ Program\u0131ndan ne kadar hibe alabilirim?<\/a>\n\t\t\t\t\t<\/div>\n\t\t\t\t\t<div id=\"elementor-tab-content-94412\" class=\"elementor-tab-content elementor-clearfix\" data-tab=\"12\" role=\"tabpanel\" aria-labelledby=\"elementor-tab-title-94412\"><p>Erasmus+ ile yurtd\u0131\u015f\u0131nda e\u011fitim alma hakk\u0131 elde eden \u00f6\u011frencilerin alacaklar\u0131 ayl\u0131k Erasmus+ hibeleri ilgili akademik y\u0131l ba\u015flamadan \u00f6nce Ulusal Ajans taraf\u0131ndan belirlenmektedir. \u0130lgili hibe miktarlar\u0131 ba\u015fvuru d\u00f6neminde her akademik y\u0131l ilan edilmektedir. Ayr\u0131ca her kat\u0131l\u0131mc\u0131 i\u00e7in hibe tutar\u0131 hareketlilik ger\u00e7ekle\u015ftirdi\u011fi g\u00fcn say\u0131s\u0131na g\u00f6re de de\u011fi\u015fiklik g\u00f6stermektedir.<\/p><\/div>\n\t\t\t\t<\/div>\n\t\t\t\t\t\t\t<div class=\"elementor-accordion-item\">\n\t\t\t\t\t<div id=\"elementor-tab-title-94413\" class=\"elementor-tab-title\" data-tab=\"13\" role=\"tab\" aria-controls=\"elementor-tab-content-94413\" aria-expanded=\"false\">\n\t\t\t\t\t\t\t\t\t\t\t\t\t<span class=\"elementor-accordion-icon elementor-accordion-icon-left\" aria-hidden=\"true\">\n\t\t\t\t\t\t\t\t\t\t\t\t\t\t\t<span class=\"elementor-accordion-icon-closed\"><i class=\"fas fa-plus\"><\/i><\/span>\n\t\t\t\t\t\t\t\t<span class=\"elementor-accordion-icon-opened\"><i class=\"fas fa-minus\"><\/i><\/span>\n\t\t\t\t\t\t\t\t\t\t\t\t\t\t<\/span>\n\t\t\t\t\t\t\t\t\t\t\t\t<a class=\"elementor-accordion-title\" href=\"\">13.\tErasmus+ Hibesi d\u0131\u015f\u0131nda kalacak yer, seyahat ve vize masraflar\u0131 i\u00e7in ek hibe veriliyor mu?<\/a>\n\t\t\t\t\t<\/div>\n\t\t\t\t\t<div id=\"elementor-tab-content-94413\" class=\"elementor-tab-content elementor-clearfix\" data-tab=\"13\" role=\"tabpanel\" aria-labelledby=\"elementor-tab-title-94413\"><p>Hay\u0131r, Erasmus hibesi \u00fclkelere g\u00f6re belirlenen ayl\u0131k hibe tutarlar\u0131 ile s\u0131n\u0131rl\u0131d\u0131r. Bunun d\u0131\u015f\u0131nda herhangi bir hibe\/\u00f6deme yap\u0131lmamaktad\u0131r.<\/p><\/div>\n\t\t\t\t<\/div>\n\t\t\t\t\t\t\t<div class=\"elementor-accordion-item\">\n\t\t\t\t\t<div id=\"elementor-tab-title-94414\" class=\"elementor-tab-title\" data-tab=\"14\" role=\"tab\" aria-controls=\"elementor-tab-content-94414\" aria-expanded=\"false\">\n\t\t\t\t\t\t\t\t\t\t\t\t\t<span class=\"elementor-accordion-icon elementor-accordion-icon-left\" aria-hidden=\"true\">\n\t\t\t\t\t\t\t\t\t\t\t\t\t\t\t<span class=\"elementor-accordion-icon-closed\"><i class=\"fas fa-plus\"><\/i><\/span>\n\t\t\t\t\t\t\t\t<span class=\"elementor-accordion-icon-opened\"><i class=\"fas fa-minus\"><\/i><\/span>\n\t\t\t\t\t\t\t\t\t\t\t\t\t\t<\/span>\n\t\t\t\t\t\t\t\t\t\t\t\t<a class=\"elementor-accordion-title\" href=\"\">14.\tVize i\u015flemlerinde bana kim yard\u0131m edebilir?<\/a>\n\t\t\t\t\t<\/div>\n\t\t\t\t\t<div id=\"elementor-tab-content-94414\" class=\"elementor-tab-content elementor-clearfix\" data-tab=\"14\" role=\"tabpanel\" aria-labelledby=\"elementor-tab-title-94414\"><p>Pasaport ve vize i\u015flemleri \u00f6\u011frencilerin sorumlulu\u011fundad\u0131r. Ba\u015fvuru s\u0131ras\u0131nda, gidilecek \u00fclkenin konsoloslu\u011fu\/b\u00fcy\u00fckel\u00e7ili\u011fi taraf\u0131ndan ilan edilen istenilen b\u00fct\u00fcn evraklar\u0131n tamamlanm\u0131\u015f olmas\u0131na dikkat edilmelidir. Baz\u0131 \u00fclkelerin istedi\u011fi ekonomik durum garant\u00f6rl\u00fc\u011f\u00fc i\u00e7in \u00fcniversite taraf\u0131ndan \u00f6\u011frencinin Erasmus+ \u00f6\u011frencisi oldu\u011funu ve bu kapsamda kendisine ayl\u0131k belirlenen hibe miktar\u0131 kadar destek verildi\u011fini i\u00e7eren konsolosluk yaz\u0131n\u0131n vize al\u0131nmas\u0131 konusunda kolayl\u0131k sa\u011flayabilecektir.<\/p><\/div>\n\t\t\t\t<\/div>\n\t\t\t\t\t\t\t<div class=\"elementor-accordion-item\">\n\t\t\t\t\t<div id=\"elementor-tab-title-94415\" class=\"elementor-tab-title\" data-tab=\"15\" role=\"tab\" aria-controls=\"elementor-tab-content-94415\" aria-expanded=\"false\">\n\t\t\t\t\t\t\t\t\t\t\t\t\t<span class=\"elementor-accordion-icon elementor-accordion-icon-left\" aria-hidden=\"true\">\n\t\t\t\t\t\t\t\t\t\t\t\t\t\t\t<span class=\"elementor-accordion-icon-closed\"><i class=\"fas fa-plus\"><\/i><\/span>\n\t\t\t\t\t\t\t\t<span class=\"elementor-accordion-icon-opened\"><i class=\"fas fa-minus\"><\/i><\/span>\n\t\t\t\t\t\t\t\t\t\t\t\t\t\t<\/span>\n\t\t\t\t\t\t\t\t\t\t\t\t<a class=\"elementor-accordion-title\" href=\"\">15.\tYurtd\u0131\u015f\u0131nda e\u011fitim g\u00f6r\u00fclecek olan \u00fcniversitelerde kalacak yeri nas\u0131l bulaca\u011f\u0131z?<\/a>\n\t\t\t\t\t<\/div>\n\t\t\t\t\t<div id=\"elementor-tab-content-94415\" class=\"elementor-tab-content elementor-clearfix\" data-tab=\"15\" role=\"tabpanel\" aria-labelledby=\"elementor-tab-title-94415\"><p>Konaklama se\u00e7enekleri gidilen \u00fclke ve \u00fcniversiteye g\u00f6re de\u011fi\u015fir. Erasmus \u00f6\u011frenim d\u00f6nemim i\u00e7in kalacak yeri ayarlamak i\u00e7in, misafir olunacak \u00fcniversite uluslararas\u0131 \u00f6\u011frenciler i\u00e7in konaklama sa\u011flamak zorunda de\u011fildir, ancak bir\u00e7o\u011fu, \u00f6\u011frencilerin zaman\u0131nda ba\u015fvurmalar\u0131 durumunda yurt odas\u0131 ay\u0131r\u0131r ve kamp\u00fcs d\u0131\u015f\u0131nda konaklama konusunda bilgi verir. Kar\u015f\u0131 kurumun Uluslararas\u0131 Ofis Birimi size nerede kal\u0131nabilece\u011fi, \u00fcniversite ve \u015fehirdeki konaklama imkanlar\u0131 ile ilgili bilgi ve tavsiyeler verecektir. Bar\u0131nma ile ilgili sunulan bilgileri takip etmeli, e\u011fer uygun bir se\u00e7enek sunulmuyorsa kendi bar\u0131nma olanaklar\u0131n\u0131z\u0131 ara\u015ft\u0131rmal\u0131s\u0131n\u0131z.<\/p><\/div>\n\t\t\t\t<\/div>\n\t\t\t\t\t\t\t<div class=\"elementor-accordion-item\">\n\t\t\t\t\t<div id=\"elementor-tab-title-94416\" class=\"elementor-tab-title\" data-tab=\"16\" role=\"tab\" aria-controls=\"elementor-tab-content-94416\" aria-expanded=\"false\">\n\t\t\t\t\t\t\t\t\t\t\t\t\t<span class=\"elementor-accordion-icon elementor-accordion-icon-left\" aria-hidden=\"true\">\n\t\t\t\t\t\t\t\t\t\t\t\t\t\t\t<span class=\"elementor-accordion-icon-closed\"><i class=\"fas fa-plus\"><\/i><\/span>\n\t\t\t\t\t\t\t\t<span class=\"elementor-accordion-icon-opened\"><i class=\"fas fa-minus\"><\/i><\/span>\n\t\t\t\t\t\t\t\t\t\t\t\t\t\t<\/span>\n\t\t\t\t\t\t\t\t\t\t\t\t<a class=\"elementor-accordion-title\" href=\"\">16.\tErasmus+ \u00f6\u011frencisi olarak yurt d\u0131\u015f\u0131nda bulundu\u011fum s\u00fcrede kendi \u00fcniversiteme e\u011fitim \u00fccretini \u00f6demem gerekir mi?  <\/a>\n\t\t\t\t\t<\/div>\n\t\t\t\t\t<div id=\"elementor-tab-content-94416\" class=\"elementor-tab-content elementor-clearfix\" data-tab=\"16\" role=\"tabpanel\" aria-labelledby=\"elementor-tab-title-94416\"><p>Evet. Kendi \u00fcniversitenize \u00f6\u011frenci \u00f6\u011frenim \u00fccretini var ise \u00f6demek zorundas\u0131n\u0131z. Ancak ders se\u00e7emezsiniz.<\/p><\/div>\n\t\t\t\t<\/div>\n\t\t\t\t\t\t\t<div class=\"elementor-accordion-item\">\n\t\t\t\t\t<div id=\"elementor-tab-title-94417\" class=\"elementor-tab-title\" data-tab=\"17\" role=\"tab\" aria-controls=\"elementor-tab-content-94417\" aria-expanded=\"false\">\n\t\t\t\t\t\t\t\t\t\t\t\t\t<span class=\"elementor-accordion-icon elementor-accordion-icon-left\" aria-hidden=\"true\">\n\t\t\t\t\t\t\t\t\t\t\t\t\t\t\t<span class=\"elementor-accordion-icon-closed\"><i class=\"fas fa-plus\"><\/i><\/span>\n\t\t\t\t\t\t\t\t<span class=\"elementor-accordion-icon-opened\"><i class=\"fas fa-minus\"><\/i><\/span>\n\t\t\t\t\t\t\t\t\t\t\t\t\t\t<\/span>\n\t\t\t\t\t\t\t\t\t\t\t\t<a class=\"elementor-accordion-title\" href=\"\">17.\tGitti\u011fim \u00fcniversitede e\u011fitim \u00fccreti \u00f6deyecek miyim?<\/a>\n\t\t\t\t\t<\/div>\n\t\t\t\t\t<div id=\"elementor-tab-content-94417\" class=\"elementor-tab-content elementor-clearfix\" data-tab=\"17\" role=\"tabpanel\" aria-labelledby=\"elementor-tab-title-94417\"><p>Hay\u0131r. Kar\u015f\u0131 \u00fcniversite, Erasmus+ program\u0131 kapsam\u0131nda gelen \u00f6\u011frenciden herhangi bir kay\u0131t, s\u0131nav veya \u00f6\u011frenim \u00fccreti talep edemez. Ancak sigorta, indirimli ula\u015f\u0131m \u00fccreti, akademik malzemelerin fotokopisi, laboratuvar \u00fcr\u00fcnlerinin kullan\u0131m\u0131 gibi \u00e7e\u015fitli materyallerin kullan\u0131lmas\u0131 i\u00e7in ek bir \u00f6deme talep edilebilir.<\/p><\/div>\n\t\t\t\t<\/div>\n\t\t\t\t\t\t\t\t<\/div>\n\t\t\t\t<\/div>\n\t\t\t\t<\/div>\n\t\t\t\t\t<\/div>\n\t\t<\/div>\n\t\t\t\t\t\t\t<\/div>\n\t\t<\/section>\n\t\t\t\t<section class=\"elementor-section elementor-top-section elementor-element elementor-element-6c9b24f elementor-section-boxed elementor-section-height-default elementor-section-height-default\" data-id=\"6c9b24f\" data-element_type=\"section\">\n\t\t\t\t\t\t<div class=\"elementor-container elementor-column-gap-default\">\n\t\t\t\t\t<div class=\"elementor-column elementor-col-100 elementor-top-column elementor-element elementor-element-49eedaa\" data-id=\"49eedaa\" data-element_type=\"column\">\n\t\t\t<div class=\"elementor-widget-wrap\">\n\t\t\t\t\t\t\t\t\t<\/div>\n\t\t<\/div>\n\t\t\t\t\t\t\t<\/div>\n\t\t<\/section>\n\t\t\t\t\t\t\t<\/div>\n\t\t","protected":false},"excerpt":{"rendered":"<p>Erasmus+ Program\u0131 S\u0131k\u00e7a Sorulan Sorular 1. Erasmus+ \u00f6\u011frenim hareketlili\u011fi nedir? Erasmus+ \u00d6\u011frenci \u00d6\u011frenim Hareketlili\u011fi ile T\u00fcrkiye\u2019de \u00f6rg\u00fcn e\u011fitim veren Erasmus \u00dcniversite Beyannamesi (E\u00dcB) sahibi bir y\u00fcksek\u00f6\u011fretim kurumunda kay\u0131tl\u0131 \u00f6\u011frenciler, 1 akademik y\u0131l i\u00e7inde 1 veya 2 d\u00f6nemli\u011fine di\u011fer bir Avrupa \u00fclkesi E\u00dcB sahibi y\u00fcksek\u00f6\u011fretim kurumunda de\u011fi\u015fim \u00f6\u011frencisi olarak e\u011fitim g\u00f6rebilmekteler. 2. Erasmus+ Staj Hareketlili\u011fi nedir? [&hellip;]<\/p>\n","protected":false},"author":1,"featured_media":0,"parent":0,"menu_order":0,"comment_status":"closed","ping_status":"closed","template":"","meta":[],"_links":{"self":[{"href":"https:\/\/exchange.galata.edu.tr\/tr\/wp-json\/wp\/v2\/pages\/3663"}],"collection":[{"href":"https:\/\/exchange.galata.edu.tr\/tr\/wp-json\/wp\/v2\/pages"}],"about":[{"href":"https:\/\/exchange.galata.edu.tr\/tr\/wp-json\/wp\/v2\/types\/page"}],"author":[{"embeddable":true,"href":"https:\/\/exchange.galata.edu.tr\/tr\/wp-json\/wp\/v2\/users\/1"}],"replies":[{"embeddable":true,"href":"https:\/\/exchange.galata.edu.tr\/tr\/wp-json\/wp\/v2\/comments?post=3663"}],"version-history":[{"count":9,"href":"https:\/\/exchange.galata.edu.tr\/tr\/wp-json\/wp\/v2\/pages\/3663\/revisions"}],"predecessor-version":[{"id":3672,"href":"https:\/\/exchange.galata.edu.tr\/tr\/wp-json\/wp\/v2\/pages\/3663\/revisions\/3672"}],"wp:attachment":[{"href":"https:\/\/exchange.galata.edu.tr\/tr\/wp-json\/wp\/v2\/media?parent=3663"}],"curies":[{"name":"wp","href":"https:\/\/api.w.org\/{rel}","templated":true}]}}